{"id":672,"date":"2024-10-30T20:12:10","date_gmt":"2024-10-30T19:12:10","guid":{"rendered":"https:\/\/le-serpent-de-jeanne.blog\/Art-By-Cecile\/?post_type=project&#038;p=672"},"modified":"2025-01-08T14:29:50","modified_gmt":"2025-01-08T13:29:50","slug":"femme-au-turban","status":"publish","type":"project","link":"https:\/\/le-serpent-de-jeanne.blog\/Art-By-Cecile\/index.php\/project\/femme-au-turban\/","title":{"rendered":"Femme au turban"},"content":{"rendered":"\n<p class=\"has-medium-font-size\">Femme au turban, Huile sur Bois, 30x40x3cm, 2024.<br><a href=\"https:\/\/le-serpent-de-jeanne.blog\/boutique\/Femme-au-turban-p718509923\">Acqu\u00e9rir l&rsquo;original<\/a> ou <a href=\"https:\/\/www.artmajeur.com\/cecile-jeanne-fraeye\/fr\/oeuvres-d-art\/18322156\/femme-au-turban#print\">commander une impression<\/a><\/p>\n\n\n\n<div style=\"height:20px\" aria-hidden=\"true\" class=\"wp-block-spacer\"><\/div>\n\n\n\n<p class=\"has-medium-font-size\">Ni le turban ni la femme ne sont pourtant sujets, bien que mots-cl\u00e9s du titre. J&rsquo;ai failli l&rsquo;appeler \u00ab\u00a0Elle sort du bain\u00a0\u00bb, et le turban serait alors une simple serviette enroul\u00e9e autour des cheveux.<br>L&rsquo;expression et le temps sont encore une fois au centre de la qu\u00eate picturale.<\/p>\n\n\n\n<div style=\"height:20px\" aria-hidden=\"true\" class=\"wp-block-spacer\"><\/div>\n\n\n<div class=\"wp-block-image\">\n<figure class=\"aligncenter size-large\"><img loading=\"lazy\" decoding=\"async\" width=\"760\" height=\"1024\" src=\"https:\/\/le-serpent-de-jeanne.blog\/Art-By-Cecile\/wp-content\/uploads\/2024\/10\/IMG_1607-760x1024.jpg\" alt=\"\" class=\"wp-image-673\" srcset=\"https:\/\/le-serpent-de-jeanne.blog\/Art-By-Cecile\/wp-content\/uploads\/2024\/10\/IMG_1607-760x1024.jpg 760w, https:\/\/le-serpent-de-jeanne.blog\/Art-By-Cecile\/wp-content\/uploads\/2024\/10\/IMG_1607-223x300.jpg 223w, https:\/\/le-serpent-de-jeanne.blog\/Art-By-Cecile\/wp-content\/uploads\/2024\/10\/IMG_1607-768x1034.jpg 768w, https:\/\/le-serpent-de-jeanne.blog\/Art-By-Cecile\/wp-content\/uploads\/2024\/10\/IMG_1607-1141x1536.jpg 1141w, https:\/\/le-serpent-de-jeanne.blog\/Art-By-Cecile\/wp-content\/uploads\/2024\/10\/IMG_1607-1521x2048.jpg 1521w, https:\/\/le-serpent-de-jeanne.blog\/Art-By-Cecile\/wp-content\/uploads\/2024\/10\/IMG_1607-300x404.jpg 300w, https:\/\/le-serpent-de-jeanne.blog\/Art-By-Cecile\/wp-content\/uploads\/2024\/10\/IMG_1607-600x808.jpg 600w, https:\/\/le-serpent-de-jeanne.blog\/Art-By-Cecile\/wp-content\/uploads\/2024\/10\/IMG_1607-scaled.jpg 1901w\" sizes=\"auto, (max-width: 760px) 100vw, 760px\" \/><\/figure>\n<\/div>\n\n\n<div style=\"height:20px\" aria-hidden=\"true\" class=\"wp-block-spacer\"><\/div>\n\n\n\n<p class=\"has-medium-font-size\">La composition centrale met en valeur l&rsquo;expression de ce visage \u00e9nigmatique. Les yeux bleus per\u00e7ants semblent regarder au-del\u00e0 du spectateur, et ne rien d\u00e9voiler de l&rsquo;heure ni du contexte. On ne sait pas, on peut donc tout imaginer, et je ne vous y aiderai pas. <\/p>\n\n\n\n<div style=\"height:20px\" aria-hidden=\"true\" class=\"wp-block-spacer\"><\/div>\n\n\n<div class=\"wp-block-image\">\n<figure class=\"aligncenter size-large\"><img loading=\"lazy\" decoding=\"async\" width=\"1024\" height=\"960\" src=\"https:\/\/le-serpent-de-jeanne.blog\/Art-By-Cecile\/wp-content\/uploads\/2024\/10\/IMG_1616-1024x960.jpg\" alt=\"\" class=\"wp-image-785\" srcset=\"https:\/\/le-serpent-de-jeanne.blog\/Art-By-Cecile\/wp-content\/uploads\/2024\/10\/IMG_1616-1024x960.jpg 1024w, https:\/\/le-serpent-de-jeanne.blog\/Art-By-Cecile\/wp-content\/uploads\/2024\/10\/IMG_1616-300x281.jpg 300w, https:\/\/le-serpent-de-jeanne.blog\/Art-By-Cecile\/wp-content\/uploads\/2024\/10\/IMG_1616-768x720.jpg 768w, https:\/\/le-serpent-de-jeanne.blog\/Art-By-Cecile\/wp-content\/uploads\/2024\/10\/IMG_1616-1536x1439.jpg 1536w, https:\/\/le-serpent-de-jeanne.blog\/Art-By-Cecile\/wp-content\/uploads\/2024\/10\/IMG_1616-2048x1919.jpg 2048w, https:\/\/le-serpent-de-jeanne.blog\/Art-By-Cecile\/wp-content\/uploads\/2024\/10\/IMG_1616-600x562.jpg 600w\" sizes=\"auto, (max-width: 1024px) 100vw, 1024px\" \/><\/figure>\n<\/div>\n\n\n<div style=\"height:20px\" aria-hidden=\"true\" class=\"wp-block-spacer\"><\/div>\n\n\n\n<p class=\"has-medium-font-size\">Le fond minimaliste est l\u00e0 pour garder l&rsquo;attention focalis\u00e9e sur l&rsquo;expression et les traits du visage. Ce visage de femme au turban vous regarde peut-\u00eatre, ou s&rsquo;envole dans une r\u00eaverie, une r\u00e9flexion ou une pens\u00e9e que les l\u00e8vres closes laisseront mutique.<\/p>\n\n\n\n<div style=\"height:20px\" aria-hidden=\"true\" class=\"wp-block-spacer\"><\/div>\n\n\n<div class=\"wp-block-image\">\n<figure class=\"aligncenter size-large\"><img loading=\"lazy\" decoding=\"async\" width=\"768\" height=\"1024\" src=\"https:\/\/le-serpent-de-jeanne.blog\/Art-By-Cecile\/wp-content\/uploads\/2024\/10\/IMG_1618-768x1024.jpg\" alt=\"femme au turban\" class=\"wp-image-786\" srcset=\"https:\/\/le-serpent-de-jeanne.blog\/Art-By-Cecile\/wp-content\/uploads\/2024\/10\/IMG_1618-768x1024.jpg 768w, https:\/\/le-serpent-de-jeanne.blog\/Art-By-Cecile\/wp-content\/uploads\/2024\/10\/IMG_1618-225x300.jpg 225w, https:\/\/le-serpent-de-jeanne.blog\/Art-By-Cecile\/wp-content\/uploads\/2024\/10\/IMG_1618-1152x1536.jpg 1152w, https:\/\/le-serpent-de-jeanne.blog\/Art-By-Cecile\/wp-content\/uploads\/2024\/10\/IMG_1618-1536x2048.jpg 1536w, https:\/\/le-serpent-de-jeanne.blog\/Art-By-Cecile\/wp-content\/uploads\/2024\/10\/IMG_1618-300x400.jpg 300w, https:\/\/le-serpent-de-jeanne.blog\/Art-By-Cecile\/wp-content\/uploads\/2024\/10\/IMG_1618-600x800.jpg 600w, https:\/\/le-serpent-de-jeanne.blog\/Art-By-Cecile\/wp-content\/uploads\/2024\/10\/IMG_1618-scaled.jpg 1920w\" sizes=\"auto, (max-width: 768px) 100vw, 768px\" \/><\/figure>\n<\/div>\n\n\n<div style=\"height:20px\" aria-hidden=\"true\" class=\"wp-block-spacer\"><\/div>\n\n\n\n<p class=\"has-medium-font-size\">Il s&rsquo;agit d&rsquo;une peinture \u00e0 l&rsquo;huile travaill\u00e9e en glacis flamand. La palette allie couleurs chaudes et terreuses pour une ambiance douce mais intense.<\/p>\n\n\n\n<p class=\"has-medium-font-size\">Le tableau est sign\u00e9 \u00e0 l&rsquo;avant de l&rsquo;entrelac C &amp;amp; J.<\/p>\n","protected":false},"excerpt":{"rendered":"<p>Femme au turban, Huile sur Bois, 30x40x3cm, 2024.<\/p>\n","protected":false},"author":1,"featured_media":673,"template":"","meta":{"footnotes":""},"tags":[51,49],"class_list":["post-672","project","type-project","status-publish","has-post-thumbnail","hentry","tag-51","tag-portrait","project-type-tableaux"],"yoast_head":"<!-- This site is optimized with the Yoast SEO plugin v22.3 - https:\/\/yoast.com\/wordpress\/plugins\/seo\/ -->\n<title>Femme au turban - Huile sur bois de C\u00e9cile Jeanne Fraeye<\/title>\n<meta name=\"description\" content=\"Femme au turban, huile sur bois 2024. Ni le turban ni la femme ne sont pourtant sujets : j&#039;ai failli l&#039;appeler &quot;Elle sort du bain&quot;\" \/>\n<meta name=\"robots\" content=\"index, follow, max-snippet:-1, max-image-preview:large, max-video-preview:-1\" \/>\n<link rel=\"canonical\" href=\"https:\/\/le-serpent-de-jeanne.blog\/Art-By-Cecile\/index.php\/project\/femme-au-turban\/\" \/>\n<meta property=\"og:locale\" content=\"fr_FR\" \/>\n<meta property=\"og:type\" content=\"article\" \/>\n<meta property=\"og:title\" content=\"Femme au turban - Huile sur bois de C\u00e9cile Jeanne Fraeye\" \/>\n<meta property=\"og:description\" content=\"Femme au turban, huile sur bois 2024. Ni le turban ni la femme ne sont pourtant sujets : j&#039;ai failli l&#039;appeler &quot;Elle sort du bain&quot;\" \/>\n<meta property=\"og:url\" content=\"https:\/\/le-serpent-de-jeanne.blog\/Art-By-Cecile\/index.php\/project\/femme-au-turban\/\" \/>\n<meta property=\"og:site_name\" content=\"C\u00e9cile Jeanne Fraeye\" \/>\n<meta property=\"article:modified_time\" content=\"2025-01-08T13:29:50+00:00\" \/>\n<meta property=\"og:image\" content=\"https:\/\/le-serpent-de-jeanne.blog\/Art-By-Cecile\/wp-content\/uploads\/2024\/10\/IMG_1607-scaled.jpg\" \/>\n\t<meta property=\"og:image:width\" content=\"1901\" \/>\n\t<meta property=\"og:image:height\" content=\"2560\" \/>\n\t<meta property=\"og:image:type\" content=\"image\/jpeg\" \/>\n<meta name=\"twitter:card\" content=\"summary_large_image\" \/>\n<meta name=\"twitter:label1\" content=\"Dur\u00e9e de lecture estim\u00e9e\" \/>\n\t<meta name=\"twitter:data1\" content=\"2 minutes\" \/>\n<script type=\"application\/ld+json\" class=\"yoast-schema-graph\">{\"@context\":\"https:\/\/schema.org\",\"@graph\":[{\"@type\":\"WebPage\",\"@id\":\"https:\/\/le-serpent-de-jeanne.blog\/Art-By-Cecile\/index.php\/project\/femme-au-turban\/\",\"url\":\"https:\/\/le-serpent-de-jeanne.blog\/Art-By-Cecile\/index.php\/project\/femme-au-turban\/\",\"name\":\"Femme au turban - Huile sur bois de C\u00e9cile Jeanne Fraeye\",\"isPartOf\":{\"@id\":\"https:\/\/le-serpent-de-jeanne.blog\/Art-By-Cecile\/#website\"},\"primaryImageOfPage\":{\"@id\":\"https:\/\/le-serpent-de-jeanne.blog\/Art-By-Cecile\/index.php\/project\/femme-au-turban\/#primaryimage\"},\"image\":{\"@id\":\"https:\/\/le-serpent-de-jeanne.blog\/Art-By-Cecile\/index.php\/project\/femme-au-turban\/#primaryimage\"},\"thumbnailUrl\":\"https:\/\/le-serpent-de-jeanne.blog\/Art-By-Cecile\/wp-content\/uploads\/2024\/10\/IMG_1607-scaled.jpg\",\"datePublished\":\"2024-10-30T19:12:10+00:00\",\"dateModified\":\"2025-01-08T13:29:50+00:00\",\"description\":\"Femme au turban, huile sur bois 2024. Ni le turban ni la femme ne sont pourtant sujets : j'ai failli l'appeler \\\"Elle sort du bain\\\"\",\"breadcrumb\":{\"@id\":\"https:\/\/le-serpent-de-jeanne.blog\/Art-By-Cecile\/index.php\/project\/femme-au-turban\/#breadcrumb\"},\"inLanguage\":\"fr-FR\",\"potentialAction\":[{\"@type\":\"ReadAction\",\"target\":[\"https:\/\/le-serpent-de-jeanne.blog\/Art-By-Cecile\/index.php\/project\/femme-au-turban\/\"]}]},{\"@type\":\"ImageObject\",\"inLanguage\":\"fr-FR\",\"@id\":\"https:\/\/le-serpent-de-jeanne.blog\/Art-By-Cecile\/index.php\/project\/femme-au-turban\/#primaryimage\",\"url\":\"https:\/\/le-serpent-de-jeanne.blog\/Art-By-Cecile\/wp-content\/uploads\/2024\/10\/IMG_1607-scaled.jpg\",\"contentUrl\":\"https:\/\/le-serpent-de-jeanne.blog\/Art-By-Cecile\/wp-content\/uploads\/2024\/10\/IMG_1607-scaled.jpg\",\"width\":1901,\"height\":2560,\"caption\":\"femme au turban peinture \u00e0 l'huile de C\u00e9cile Jeanne Fraeye\"},{\"@type\":\"BreadcrumbList\",\"@id\":\"https:\/\/le-serpent-de-jeanne.blog\/Art-By-Cecile\/index.php\/project\/femme-au-turban\/#breadcrumb\",\"itemListElement\":[{\"@type\":\"ListItem\",\"position\":1,\"name\":\"Accueil\",\"item\":\"https:\/\/le-serpent-de-jeanne.blog\/Art-By-Cecile\/\"},{\"@type\":\"ListItem\",\"position\":2,\"name\":\"Project\",\"item\":\"https:\/\/le-serpent-de-jeanne.blog\/Art-By-Cecile\/index.php\/project\/\"},{\"@type\":\"ListItem\",\"position\":3,\"name\":\"Femme au turban\"}]},{\"@type\":\"WebSite\",\"@id\":\"https:\/\/le-serpent-de-jeanne.blog\/Art-By-Cecile\/#website\",\"url\":\"https:\/\/le-serpent-de-jeanne.blog\/Art-By-Cecile\/\",\"name\":\"C\u00e9cile Jeanne Fraeye\",\"description\":\"Artiste\",\"publisher\":{\"@id\":\"https:\/\/le-serpent-de-jeanne.blog\/Art-By-Cecile\/#\/schema\/person\/e05c55f960dea3b226095a2e2dd8775c\"},\"potentialAction\":[{\"@type\":\"SearchAction\",\"target\":{\"@type\":\"EntryPoint\",\"urlTemplate\":\"https:\/\/le-serpent-de-jeanne.blog\/Art-By-Cecile\/?s={search_term_string}\"},\"query-input\":\"required name=search_term_string\"}],\"inLanguage\":\"fr-FR\"},{\"@type\":[\"Person\",\"Organization\"],\"@id\":\"https:\/\/le-serpent-de-jeanne.blog\/Art-By-Cecile\/#\/schema\/person\/e05c55f960dea3b226095a2e2dd8775c\",\"name\":\"admin-art\",\"image\":{\"@type\":\"ImageObject\",\"inLanguage\":\"fr-FR\",\"@id\":\"https:\/\/le-serpent-de-jeanne.blog\/Art-By-Cecile\/#\/schema\/person\/image\/\",\"url\":\"https:\/\/secure.gravatar.com\/avatar\/5f1cf9eee46ee82d633b533780355eea21af1e802146ecf24368d863336ceefe?s=96&d=mm&r=g\",\"contentUrl\":\"https:\/\/secure.gravatar.com\/avatar\/5f1cf9eee46ee82d633b533780355eea21af1e802146ecf24368d863336ceefe?s=96&d=mm&r=g\",\"caption\":\"admin-art\"},\"logo\":{\"@id\":\"https:\/\/le-serpent-de-jeanne.blog\/Art-By-Cecile\/#\/schema\/person\/image\/\"},\"sameAs\":[\"http:\/\/le-serpent-de-jeanne.blog\/Art-By-Cecile\"]}]}<\/script>\n<!-- \/ Yoast SEO plugin. -->","yoast_head_json":{"title":"Femme au turban - Huile sur bois de C\u00e9cile Jeanne Fraeye","description":"Femme au turban, huile sur bois 2024. Ni le turban ni la femme ne sont pourtant sujets : j'ai failli l'appeler \"Elle sort du bain\"","robots":{"index":"index","follow":"follow","max-snippet":"max-snippet:-1","max-image-preview":"max-image-preview:large","max-video-preview":"max-video-preview:-1"},"canonical":"https:\/\/le-serpent-de-jeanne.blog\/Art-By-Cecile\/index.php\/project\/femme-au-turban\/","og_locale":"fr_FR","og_type":"article","og_title":"Femme au turban - Huile sur bois de C\u00e9cile Jeanne Fraeye","og_description":"Femme au turban, huile sur bois 2024. Ni le turban ni la femme ne sont pourtant sujets : j'ai failli l'appeler \"Elle sort du bain\"","og_url":"https:\/\/le-serpent-de-jeanne.blog\/Art-By-Cecile\/index.php\/project\/femme-au-turban\/","og_site_name":"C\u00e9cile Jeanne Fraeye","article_modified_time":"2025-01-08T13:29:50+00:00","og_image":[{"width":1901,"height":2560,"url":"https:\/\/le-serpent-de-jeanne.blog\/Art-By-Cecile\/wp-content\/uploads\/2024\/10\/IMG_1607-scaled.jpg","type":"image\/jpeg"}],"twitter_card":"summary_large_image","twitter_misc":{"Dur\u00e9e de lecture estim\u00e9e":"2 minutes"},"schema":{"@context":"https:\/\/schema.org","@graph":[{"@type":"WebPage","@id":"https:\/\/le-serpent-de-jeanne.blog\/Art-By-Cecile\/index.php\/project\/femme-au-turban\/","url":"https:\/\/le-serpent-de-jeanne.blog\/Art-By-Cecile\/index.php\/project\/femme-au-turban\/","name":"Femme au turban - Huile sur bois de C\u00e9cile Jeanne Fraeye","isPartOf":{"@id":"https:\/\/le-serpent-de-jeanne.blog\/Art-By-Cecile\/#website"},"primaryImageOfPage":{"@id":"https:\/\/le-serpent-de-jeanne.blog\/Art-By-Cecile\/index.php\/project\/femme-au-turban\/#primaryimage"},"image":{"@id":"https:\/\/le-serpent-de-jeanne.blog\/Art-By-Cecile\/index.php\/project\/femme-au-turban\/#primaryimage"},"thumbnailUrl":"https:\/\/le-serpent-de-jeanne.blog\/Art-By-Cecile\/wp-content\/uploads\/2024\/10\/IMG_1607-scaled.jpg","datePublished":"2024-10-30T19:12:10+00:00","dateModified":"2025-01-08T13:29:50+00:00","description":"Femme au turban, huile sur bois 2024. Ni le turban ni la femme ne sont pourtant sujets : j'ai failli l'appeler \"Elle sort du bain\"","breadcrumb":{"@id":"https:\/\/le-serpent-de-jeanne.blog\/Art-By-Cecile\/index.php\/project\/femme-au-turban\/#breadcrumb"},"inLanguage":"fr-FR","potentialAction":[{"@type":"ReadAction","target":["https:\/\/le-serpent-de-jeanne.blog\/Art-By-Cecile\/index.php\/project\/femme-au-turban\/"]}]},{"@type":"ImageObject","inLanguage":"fr-FR","@id":"https:\/\/le-serpent-de-jeanne.blog\/Art-By-Cecile\/index.php\/project\/femme-au-turban\/#primaryimage","url":"https:\/\/le-serpent-de-jeanne.blog\/Art-By-Cecile\/wp-content\/uploads\/2024\/10\/IMG_1607-scaled.jpg","contentUrl":"https:\/\/le-serpent-de-jeanne.blog\/Art-By-Cecile\/wp-content\/uploads\/2024\/10\/IMG_1607-scaled.jpg","width":1901,"height":2560,"caption":"femme au turban peinture \u00e0 l'huile de C\u00e9cile Jeanne Fraeye"},{"@type":"BreadcrumbList","@id":"https:\/\/le-serpent-de-jeanne.blog\/Art-By-Cecile\/index.php\/project\/femme-au-turban\/#breadcrumb","itemListElement":[{"@type":"ListItem","position":1,"name":"Accueil","item":"https:\/\/le-serpent-de-jeanne.blog\/Art-By-Cecile\/"},{"@type":"ListItem","position":2,"name":"Project","item":"https:\/\/le-serpent-de-jeanne.blog\/Art-By-Cecile\/index.php\/project\/"},{"@type":"ListItem","position":3,"name":"Femme au turban"}]},{"@type":"WebSite","@id":"https:\/\/le-serpent-de-jeanne.blog\/Art-By-Cecile\/#website","url":"https:\/\/le-serpent-de-jeanne.blog\/Art-By-Cecile\/","name":"C\u00e9cile Jeanne Fraeye","description":"Artiste","publisher":{"@id":"https:\/\/le-serpent-de-jeanne.blog\/Art-By-Cecile\/#\/schema\/person\/e05c55f960dea3b226095a2e2dd8775c"},"potentialAction":[{"@type":"SearchAction","target":{"@type":"EntryPoint","urlTemplate":"https:\/\/le-serpent-de-jeanne.blog\/Art-By-Cecile\/?s={search_term_string}"},"query-input":"required name=search_term_string"}],"inLanguage":"fr-FR"},{"@type":["Person","Organization"],"@id":"https:\/\/le-serpent-de-jeanne.blog\/Art-By-Cecile\/#\/schema\/person\/e05c55f960dea3b226095a2e2dd8775c","name":"admin-art","image":{"@type":"ImageObject","inLanguage":"fr-FR","@id":"https:\/\/le-serpent-de-jeanne.blog\/Art-By-Cecile\/#\/schema\/person\/image\/","url":"https:\/\/secure.gravatar.com\/avatar\/5f1cf9eee46ee82d633b533780355eea21af1e802146ecf24368d863336ceefe?s=96&d=mm&r=g","contentUrl":"https:\/\/secure.gravatar.com\/avatar\/5f1cf9eee46ee82d633b533780355eea21af1e802146ecf24368d863336ceefe?s=96&d=mm&r=g","caption":"admin-art"},"logo":{"@id":"https:\/\/le-serpent-de-jeanne.blog\/Art-By-Cecile\/#\/schema\/person\/image\/"},"sameAs":["http:\/\/le-serpent-de-jeanne.blog\/Art-By-Cecile"]}]}},"jetpack_sharing_enabled":true,"_links":{"self":[{"href":"https:\/\/le-serpent-de-jeanne.blog\/Art-By-Cecile\/index.php\/wp-json\/wp\/v2\/project\/672","targetHints":{"allow":["GET"]}}],"collection":[{"href":"https:\/\/le-serpent-de-jeanne.blog\/Art-By-Cecile\/index.php\/wp-json\/wp\/v2\/project"}],"about":[{"href":"https:\/\/le-serpent-de-jeanne.blog\/Art-By-Cecile\/index.php\/wp-json\/wp\/v2\/types\/project"}],"author":[{"embeddable":true,"href":"https:\/\/le-serpent-de-jeanne.blog\/Art-By-Cecile\/index.php\/wp-json\/wp\/v2\/users\/1"}],"version-history":[{"count":5,"href":"https:\/\/le-serpent-de-jeanne.blog\/Art-By-Cecile\/index.php\/wp-json\/wp\/v2\/project\/672\/revisions"}],"predecessor-version":[{"id":803,"href":"https:\/\/le-serpent-de-jeanne.blog\/Art-By-Cecile\/index.php\/wp-json\/wp\/v2\/project\/672\/revisions\/803"}],"wp:featuredmedia":[{"embeddable":true,"href":"https:\/\/le-serpent-de-jeanne.blog\/Art-By-Cecile\/index.php\/wp-json\/wp\/v2\/media\/673"}],"wp:attachment":[{"href":"https:\/\/le-serpent-de-jeanne.blog\/Art-By-Cecile\/index.php\/wp-json\/wp\/v2\/media?parent=672"}],"wp:term":[{"taxonomy":"post_tag","embeddable":true,"href":"https:\/\/le-serpent-de-jeanne.blog\/Art-By-Cecile\/index.php\/wp-json\/wp\/v2\/tags?post=672"}],"curies":[{"name":"wp","href":"https:\/\/api.w.org\/{rel}","templated":true}]}}